{"id":159,"date":"2025-06-07T14:12:38","date_gmt":"2025-06-07T13:12:38","guid":{"rendered":"http:\/\/www.vfa-rochlitzer-berg.de\/geschichte\/"},"modified":"2025-06-19T19:40:28","modified_gmt":"2025-06-19T18:40:28","slug":"geschichte","status":"publish","type":"page","link":"https:\/\/www.vfa-rochlitzer-berg.de\/?page_id=159","title":{"rendered":"Geschichte"},"content":{"rendered":"<p><span style=\"font-family: arial,helvetica,sans-serif;\"><span style=\"color: #0000ff;\"><strong><span style=\"font-size: 12pt;\">Historische<\/span><span style=\"font-size: 12pt;\"> Fakten zum Verein<\/span><\/strong><\/span><\/span><\/p>\n<table border=\"0\" align=\"left\">\n<tbody>\n<tr>\n<td><span style=\"font-size: 11px;\"><strong><span style=\"font-family: arial,helvetica,sans-serif;\"><span style=\"color: #000000;\">29.<\/span>03.1990 <\/span><\/strong><\/span><\/td>\n<td><span style=\"font-size: 11px;\"><span style=\"font-family: arial,helvetica,sans-serif;\">Gr\u00fcndungsversammlung: 28 Sportfreunde w\u00e4hlten R. Spreer zum Vorsitzenden, G. Goldammer und U. Lenkeit zum Stellvertreter und I. Herbst zum Kassenwart<\/span><\/span><\/td>\n<\/tr>\n<tr>\n<td><span style=\"font-size: 11px;\"><strong><span style=\"font-family: arial,helvetica,sans-serif;\">1991<\/span><\/strong><\/span><\/td>\n<td><span style=\"font-size: 11px;\"><span style=\"font-family: arial,helvetica,sans-serif;\">Der Verein w\u00e4chst bis auf 90 Mitglieder, es entstehen die Abteilungen Leichtathletik, Radsport, Schwimmen und Triathlon.<\/span><span style=\"font-family: arial,helvetica,sans-serif;\"> Die Mitgliederzahl steigt auf 187, es kommen die Abteilungen Gymnastik und die Allgem. Sportgruppe dazu.<\/span><\/span><\/td>\n<\/tr>\n<tr>\n<td><span style=\"font-family: arial, helvetica, sans-serif; font-size: 11px;\"><strong>1992<\/strong><\/span><\/td>\n<td><span style=\"font-size: 11px;\"><span style=\"font-family: arial,helvetica,sans-serif;\">Mitgliederzahl steigt auf 222<\/span><\/span><\/td>\n<\/tr>\n<tr>\n<td><span style=\"font-family: arial, helvetica, sans-serif; font-size: 11px;\"><strong>23.11.1993<\/strong><\/span><\/td>\n<td><span style=\"font-size: 11px;\"><span style=\"font-family: arial,helvetica,sans-serif;\">Aufnahme in den neu gegr\u00fcndeten Kreissportbund, Vereinsregister Nr. 3 des Altkreises Rochlitz<\/span><\/span><\/td>\n<\/tr>\n<tr>\n<td><span style=\"font-family: arial, helvetica, sans-serif; font-size: 11px;\"><strong>1995<\/strong><\/span><\/td>\n<td><span style=\"font-size: 11px;\"><span style=\"font-family: arial,helvetica,sans-serif;\">Mitgliederzahl steigt auf 314, es kommen die Abteilungen Tennis und Fitness dazu<\/span><\/span><\/td>\n<\/tr>\n<tr>\n<td><span style=\"font-family: arial, helvetica, sans-serif; font-size: 11px;\"><strong>1998<\/strong><\/span><\/td>\n<td><span style=\"font-size: 11px;\"><span style=\"font-family: arial,helvetica,sans-serif;\">Mitgliederzahl betr\u00e4gt 246, die Abteilung Basketball entsteht<\/span><\/span><\/td>\n<\/tr>\n<tr>\n<td><span style=\"font-family: arial, helvetica, sans-serif; font-size: 11px;\"><strong>1999<\/strong><\/span><\/td>\n<td><span style=\"font-size: 11px;\"><span style=\"font-family: arial,helvetica,sans-serif;\">313 Mitglieder, Abteilung Fu\u00dfball (Kleinfeld) und Badminton entstehen<\/span><\/span><\/td>\n<\/tr>\n<tr>\n<td><span style=\"font-family: arial, helvetica, sans-serif; font-size: 11px;\"><strong>2000<\/strong><\/span><\/td>\n<td><span style=\"font-size: 11px;\"><span style=\"font-family: arial,helvetica,sans-serif;\">376 Mitglieder<\/span><\/span><\/td>\n<\/tr>\n<tr>\n<td><span style=\"font-family: arial, helvetica, sans-serif; font-size: 11px;\"><strong>2001<\/strong><\/span><\/td>\n<td><span style=\"font-size: 11px;\"><span style=\"font-family: arial,helvetica,sans-serif;\">296 Mitglieder, der ehemalige SV Lok Rochlitz wurde aufgel\u00f6st und damit standen die Schachspieler pl\u00f6tzlich ohne Verein da baten uns um Aufnahme und gr\u00fcndeten eine eigene Abteilung<\/span><\/span><\/td>\n<\/tr>\n<tr>\n<td><span style=\"font-family: arial, helvetica, sans-serif; font-size: 11px;\"><strong>2002<\/strong><\/span><\/td>\n<td><span style=\"font-size: 11px;\"><span style=\"font-family: arial,helvetica,sans-serif;\">Das gro\u00dfe Hochwasser am 13.08.2002 \u00fcberflutet das gesamte Vereinsgel\u00e4nde und richtet sehr gro\u00dfen Schaden an.<\/span><\/span><\/td>\n<\/tr>\n<tr>\n<td><span style=\"font-family: arial, helvetica, sans-serif; font-size: 11px;\"><strong>2003<\/strong><\/span><\/td>\n<td><span style=\"font-size: 11px;\"><span style=\"font-family: arial,helvetica,sans-serif;\">312 Mitglieder<\/span><\/span><\/td>\n<\/tr>\n<tr>\n<td><span style=\"font-family: arial, helvetica, sans-serif; font-size: 11px;\"><strong>2004<\/strong><\/span><\/td>\n<td><span style=\"font-size: 11px;\"><span style=\"font-family: arial,helvetica,sans-serif;\">341 Mitglieder, davon 113 M\u00e4dchen und Frauen,<span style=\"background-color: transparent;\"><span style=\"color: #000000;\"><span style=\"color: #000000;\"> die Turner des JMG schlie\u00dfen sich dem Verein an<\/span><\/span><\/span><span style=\"background-color: transparent;\"><span style=\"color: #000000;\"><span style=\"color: #000000;\">, die Abt. Turnen entsteht<\/span><\/span><\/span><\/span><\/span><\/td>\n<\/tr>\n<tr>\n<td><span style=\"font-family: arial, helvetica, sans-serif; font-size: 11px;\"><strong>2005<\/strong><\/span><\/td>\n<td><span style=\"font-size: 11px;\"><span style=\"font-family: arial,helvetica,sans-serif;\">Der Verein beginnt mit der regelm\u00e4\u00dfigen Abnahme des Deutschen Sportabzeichens.<\/span><\/span><\/td>\n<\/tr>\n<tr>\n<td><span style=\"font-family: arial, helvetica, sans-serif; font-size: 11px;\"><strong>2009<\/strong><\/span><\/td>\n<td><span style=\"font-size: 11px;\"><span style=\"font-family: arial,helvetica,sans-serif;\">Zum 01.01.2009 tritt der VfA dem im Zuge der Kreisreform dem neu gegr\u00fcndeten Kreissportbund Mittelsachsen bei.<\/span><\/span><\/p>\n<p><span style=\"font-size: 11px;\"><span style=\"font-family: arial,helvetica,sans-serif;\">Das Feriencamp feiert sein 20-j\u00e4hriges Bestehen.<\/span><\/span><\/td>\n<\/tr>\n<tr>\n<td><span style=\"font-family: arial, helvetica, sans-serif; font-size: 11px;\"><strong>2010<\/strong><\/span><\/td>\n<td><span style=\"font-family: arial, helvetica, sans-serif; font-size: 11px;\">Am 14.08.2010 feiert der VfA sein 20-j\u00e4hriges Jubil\u00e4um mit einem Vereinsfest.<\/span><\/td>\n<\/tr>\n<tr>\n<td><span style=\"font-family: arial, helvetica, sans-serif; font-size: 11px;\"><strong>2011<\/strong><\/span><\/td>\n<td><span style=\"font-family: arial, helvetica, sans-serif; font-size: 11px;\">Zur Mitgliederversammlung am 25.03.2011 wird ein neuer Vorstand gew\u00e4hlt. Vorsitzender ist nun P. Hartig, Stellvertreter T. Hahn und Kassenwart P. Krause.<br \/>\nRainer Spreer wurde zur Vorstandssitzung im November mit der Ehrenplakette des Landessportbundes Sachsen in Gold ausgezeichnet. Die Ehrenplakette des LSBS ist die h\u00f6chste Auszeichnung, die der LSBS an Einzelpersonen f\u00fcr langj\u00e4hrige verdienstvolle T\u00e4tigkeit vergibt. Er war Gr\u00fcndungsmitglied und bis 2011 Vorsitzender des Vereins.<\/span><\/td>\n<\/tr>\n<tr>\n<td><span style=\"font-size: 11px;\"><strong>2012<\/strong><\/span><\/td>\n<td><span style=\"font-size: 11px; font-family: arial, helvetica, sans-serif;\">Seit dem Jahr <strong>2012<\/strong> organisiert unser Verein<strong> keine <\/strong>Triathlonveranstaltungen mehr.<\/span><\/p>\n<p><span style=\"font-size: 11px; font-family: arial, helvetica, sans-serif;\">Der <strong>25. <a href=\"http:\/\/www.vfa-rochlitzer-berg.de\/?page_id=143\" target=\"_blank\" rel=\"noopener\">Rochlitzer Bergtriathlon<\/a><\/strong> rund um den Rochlitzer Berg fand am Sonntag dem 04.09.2011 statt.<\/span><\/td>\n<\/tr>\n<tr>\n<td><span style=\"font-size: 11px;\"><strong>2013<\/strong><\/span><\/td>\n<td><span style=\"font-size: 11px; font-family: arial, helvetica, sans-serif;\">Das Jahrhunder-Hochwasser vom 4. Juni hat unserm Vereinsgel\u00e4nde unermessliche Sch\u00e4den zugef\u00fchrt. Nach einer Begutachtung und Einsch\u00e4tzung der immensen Sch\u00e4den auf dem Vereinsgel\u00e4nde an den Sportanlagen und der Geb\u00e4ude hat der Vorstand in einer au\u00dferordentlichen Sitzung folgendes festgelegt.<\/span><\/p>\n<p><span style=\"font-size: 11px;\">Da es f\u00fcr einen erneuten Wiederaufbau der Vereinsanlagen am S\u00f6rnziger Weg 6 keine F\u00f6rdermittel geben wird, beschlie\u00dft der Vorstand mit Best\u00e4tigung durch eine <strong>au\u00dferordentliche Mitgliederversammlung<\/strong>, dass der Pachtvertrag mit der Stadt Rochlitz gek\u00fcndigt und das Vereinsgel\u00e4nde damit aufgegeben wird.<\/span><\/p>\n<p><span style=\"font-size: 11px;\">Der Verein bezieht auf Vorschlag der Stadtverwaltung die \u201eSchlossaue\u201c als \u00dcbergangquartier.<\/span><\/p>\n<p><span style=\"font-size: 11px; font-family: arial, helvetica, sans-serif;\">Die Abteilung <a href=\"http:\/\/www.vfa-rochlitzer-berg.de\/?page_id=865\" target=\"_blank\" rel=\"noopener\">Tennis <\/a>wird aufgel\u00f6st.<\/span><\/td>\n<\/tr>\n<tr>\n<td><span style=\"font-size: 11px;\"><strong>2013<\/strong><\/span><\/td>\n<td><span style=\"font-size: 11px; font-family: arial, helvetica, sans-serif;\">Die Schlossaue wird ab Juli vor\u00fcbergehend unser neues Ausweichquartier. Viele Vereinsmitglieder helfen beim Umzug und der Beseitigung der Hochwassersch\u00e4den. Der Festsaal wird mit den Fitnessger\u00e4ten best\u00fcckt. Es werden neue Duschen eingebaut.<\/span><\/p>\n<p><span style=\"font-family: arial, helvetica, sans-serif; font-size: 11px;\">Das geplante Fereincamp wird kurzfristig in das Naturbad Niederwiesa verlegt.<\/span><\/td>\n<\/tr>\n<tr>\n<td><span style=\"font-size: 11px;\"><strong>2015<\/strong><\/span><\/td>\n<td><span style=\"font-size: 11px;\">Laut Bestandserhebung hat der Verein per 01.01.2015 insgesamt 324 Mitglieder.<\/span><\/td>\n<\/tr>\n<tr>\n<td><span style=\"font-size: 11px;\"><strong>2015<\/strong><\/span><\/td>\n<td><span style=\"font-size: 11px;\">Der Verein feierte am 8.\/9.05. das 25-j\u00e4hrige Bestehen in der Schlossaue.<\/span><\/td>\n<\/tr>\n<tr>\n<td><span style=\"font-size: 11px;\"><strong>2016<\/strong><\/span><\/td>\n<td><span style=\"font-size: 11px; font-family: arial, helvetica, sans-serif;\">ab Juni 2016 haben wir das Objekt Biesern f\u00fcr die dauerhafte Feriencamp-Nutzung gepachtet <\/span><\/td>\n<\/tr>\n<tr>\n<td><span style=\"font-size: 11px;\"><strong>2016<\/strong><\/span><\/td>\n<td><span style=\"font-size: 11px; font-family: arial, helvetica, sans-serif;\">Fertigstellung des Baus und im November Umzug in das neue Vereinsheim an der Sch\u00fctzenstra\u00dfe.<\/span><\/td>\n<\/tr>\n<tr>\n<td><span style=\"font-size: 11px;\"><strong>2017<\/strong><\/span><\/td>\n<td><span style=\"font-size: 11px; font-family: arial, helvetica, sans-serif;\">Wiederbelebung des Rochlitzer Bergtriathlons mit Start und Ziel auf dem Rochlitzer Marktplatz<\/span><\/td>\n<\/tr>\n<tr>\n<td><span style=\"font-size: 11px;\"><strong>2018<\/strong><\/span><\/td>\n<td><span style=\"font-size: 11px; font-family: arial, helvetica, sans-serif;\">Am Ende des Jahres z\u00e4hlt unser Verein 428 Mitglieder. \u00dcber 120 Sportler trainieren regelm\u00e4\u00dfig im neuen Fitnessraum.<br \/>\n<\/span><\/td>\n<\/tr>\n<tr>\n<td><span style=\"font-size: 11px;\"><strong>2019<\/strong><\/span><\/td>\n<td><span style=\"font-size: 11px; font-family: arial, helvetica, sans-serif;\">\u00dcber 60 Sportler legen die Bedingungen f\u00fcr das Sportabzeichen ab. Zum 15. Mal veranstaltet der VfA den Sportabzeichentreff im Stadion und Freibad.<br \/>\n<\/span><\/td>\n<\/tr>\n<tr>\n<td><span style=\"font-size: 11px;\"><strong>2021<\/strong><\/span><\/td>\n<td><span style=\"font-size: 11px; font-family: arial, helvetica, sans-serif;\">15. Kugelsto\u00dfmeeting unter Coronabedingungen<\/span><\/td>\n<\/tr>\n<tr>\n<td><span style=\"font-size: 11px;\"><strong>2023<\/strong><\/span><\/td>\n<td><span style=\"font-size: 11px;\">Gr\u00fcndung einer Abteilung Wandern<\/span><\/td>\n<\/tr>\n<tr>\n<td><span style=\"font-size: 11px;\"><strong>2023<\/strong><\/span><\/td>\n<td><span style=\"font-size: 11px;\">ab M\u00e4rz &#8211; Wiederbelebung des Kinderturnens<\/span><\/td>\n<\/tr>\n<tr>\n<td><span style=\"font-size: 11px;\"><strong>2024<\/strong><\/span><\/td>\n<td><span style=\"font-size: 11px; font-family: arial, helvetica, sans-serif;\">Im August feiert das Feriencamp feiert in Biesern sein 35-j\u00e4hriges Bestehen.<\/span><\/td>\n<\/tr>\n<tr>\n<td><span style=\"font-size: 11px;\"><strong>2025<\/strong><\/span><\/td>\n<td><span style=\"font-family: arial, helvetica, sans-serif; font-size: 11px;\">Gr\u00fcndung der Abteilung Radsport<\/span><\/td>\n<\/tr>\n<\/tbody>\n<\/table>\n","protected":false},"excerpt":{"rendered":"<p>Historische Fakten zum Verein 29.03.1990 Gr\u00fcndungsversammlung: 28 Sportfreunde w\u00e4hlten R. Spreer zum Vorsitzenden, G. Goldammer und U. Lenkeit zum Stellvertreter und I. Herbst zum Kassenwart 1991 Der Verein w\u00e4chst bis auf 90 Mitglieder, es entstehen die Abteilungen Leichtathletik, Radsport, Schwimmen und Triathlon. Die Mitgliederzahl steigt auf 187, es kommen die Abteilungen Gymnastik und die Allgem. &hellip; <\/p>\n<p><a class=\"more-link btn\" href=\"https:\/\/www.vfa-rochlitzer-berg.de\/?page_id=159\">Weiterlesen<\/a><\/p>\n","protected":false},"author":1,"featured_media":0,"parent":0,"menu_order":2,"comment_status":"closed","ping_status":"open","template":"","meta":{"ngg_post_thumbnail":0,"footnotes":""},"class_list":["post-159","page","type-page","status-publish","hentry","nodate","item-wrap"],"_links":{"self":[{"href":"https:\/\/www.vfa-rochlitzer-berg.de\/index.php?rest_route=\/wp\/v2\/pages\/159","targetHints":{"allow":["GET"]}}],"collection":[{"href":"https:\/\/www.vfa-rochlitzer-berg.de\/index.php?rest_route=\/wp\/v2\/pages"}],"about":[{"href":"https:\/\/www.vfa-rochlitzer-berg.de\/index.php?rest_route=\/wp\/v2\/types\/page"}],"author":[{"embeddable":true,"href":"https:\/\/www.vfa-rochlitzer-berg.de\/index.php?rest_route=\/wp\/v2\/users\/1"}],"replies":[{"embeddable":true,"href":"https:\/\/www.vfa-rochlitzer-berg.de\/index.php?rest_route=%2Fwp%2Fv2%2Fcomments&post=159"}],"version-history":[{"count":12,"href":"https:\/\/www.vfa-rochlitzer-berg.de\/index.php?rest_route=\/wp\/v2\/pages\/159\/revisions"}],"predecessor-version":[{"id":4660,"href":"https:\/\/www.vfa-rochlitzer-berg.de\/index.php?rest_route=\/wp\/v2\/pages\/159\/revisions\/4660"}],"wp:attachment":[{"href":"https:\/\/www.vfa-rochlitzer-berg.de\/index.php?rest_route=%2Fwp%2Fv2%2Fmedia&parent=159"}],"curies":[{"name":"wp","href":"https:\/\/api.w.org\/{rel}","templated":true}]}}